{"id":682,"date":"2015-05-13T13:00:54","date_gmt":"2015-05-13T12:00:54","guid":{"rendered":"http:\/\/blog.akb-ev.de\/?page_id=682"},"modified":"2020-12-02T15:19:05","modified_gmt":"2020-12-02T14:19:05","slug":"datenschutz","status":"publish","type":"page","link":"https:\/\/akb-ev.de\/blog\/datenschutz\/","title":{"rendered":"Datenschutz&shy;erkl&auml;rung der Anonymen Alkohol&shy;kranken&shy;hilfe Berlin (AKB) e.V."},"content":{"rendered":"<link rel=\"canonical\" href=\"\/datenschutz\"\/><meta name=\"description\" content=\"Grundlage eines effektiven Datenschutzes ist die umfassende Information \u00fcber die Erhebung, Verarbeitung und Nutzung Ihrer Daten, daher m\u00f6chten wir Sie informieren, wann und bei welchen Aktionen wir diese Daten verarbeiten.\"\/><br \/>\n<meta name=\"robots\" content=\"noindex, nofollow, noarchive\"\/><\/p>\n<p align=\"left\">Grund\u00adlage eines effektiven Daten\u00ads\u00adchutzes ist die um\u00adfas\u00adsende In\u00adfor\u00admation \u00fcber die Er\u00adhe\u00adbung, Ver\u00adar\u00adbei\u00adtung und Nut\u00adzung Ihrer Da\u00adten, daher m\u00f6chten wir Sie in\u00adfor\u00admieren,<\/p>\n<li align=\"left\">wann und bei wel\u00adchen Ak\u00adtionen wir diese Da\u00adten ver\u00adar\u00adbeiten<\/li>\n<li align=\"left\">welche Da\u00adten wir aus wel\u00adchen Gr\u00fcn\u00adden ver\u00adar\u00adbei\u00adten<\/li>\n<li align=\"left\">wer Da\u00adten er\u00adh\u00e4lt<\/li>\n<li align=\"left\">welche Rech\u00adte Sie we\u00adgen der Daten\u00adver\u00adar\u00adbei\u00adtung durch uns haben.<\/li>\n<p align=\"left\">Diese Daten\u00ad\u00adschutz\u00ad\u00ader\u00adkl\u00e4r\u00adung regelt die Nut\u00adzung per\u00adsonen\u00ad\u00adbe\u00adzo\u00adgener Da\u00adten, auf un\u00adserer Web\u00adsite <code>https:\/\/akb-ev.de<\/code> inklusive der Unter\u00ad\u00adseiten und der hier\u00adarchisch unter\u00ad\u00adge\u00ador\u00addneten Teil\u00ad\u00adbe\u00adreiche (subdomains) sowie Ihre Kontakt\u00ad\u00adauf\u00adnahme per Te\u00adle\u00adfon. Wenn Sie unsere Web\u00adsite \u00fcber einen Link ver\u00adlassen oder unsere Pr\u00e4\u00adsenz auf einer Social-Media-Platt\u00adform be\u00adsu\u00adchen, ver\u00adlassen Sie auch den An\u00adwen\u00addungs\u00ad\u00adbe\u00adreich dieser Daten\u00ad\u00adschutz\u00ader\u00adkl\u00e4r\u00adung.<\/p>\n<p>Diese Daten\u00ad\u00adschutz\u00ad\u00ader\u00adkl\u00e4r\u00adung k\u00f6nnen Sie dauer\u00ad\u00adhaft und jeder\u00adzeit unter der Adresse <a href=\"https:\/\/akb-ev.de\/datenschutz\" target=\"_blank\" title=\"Link zur Datenschutzerkl\u00e4rung\" rel=\"noopener noreferrer\">https:\/\/akb-ev.de\/datenschutz<\/a>  abrufen, ausdrucken oder herunter\u00adladen.<\/p>\n<h2><span style=\"font-size: 18px;\"><strong>Vorbemerkung:<\/strong><\/span><\/h2>\n<p align=\"left\">Daten\u00adschutz\u00adhinweise zu der von der <em>SARS-CoV-2-Infektions\u00adschutz\u00adver\u00adordnung in der jeweils g\u00fcltigen Fas\u00adsung<\/em> vor\u00adge\u00adschrie\u00adbenen Doku\u00admen\u00adta\u00adtion der An\u00adwesen\u00adheit werden ge\u00adson\u00addert be\u00adhan\u00addelt; Der jeweils aktuelle Daten\u00adschutz\u00adhinweis ist unter <a href=\"https:\/\/akb-ev.de\/DScovidAD.pdf\" target=\"_blank\" rel=\"noopener noreferrer\"><abbr title=\"zum PDF: 'Datenschutzhinweis zur Verfolgung von Covid19-Infektionsketten nach SARS-CoV-2-Infektionsschutzverordnung \u00a7 3 (2)' \">https:\/\/akb-ev.de\/DScovidAD.pdf<\/abbr><\/a> jeder\u00adzeit abrufbar und in unseren <em>&#8218;Nutzungs\u00adbe\u00adding\u00adungen unter COViD19&#8216;<\/em> [Link <a href=\"http:\/\/blog.akb-ev.de\/covid19\/\" target=\"_blank\" rel=\"noopener noreferrer\">COViD19<\/a> in der durch\u00adg\u00e4ngigen Navi\u00adgation] ver\u00adlinkt.<\/p>\n<h2><span style=\"font-size: 18px;\"><strong>I Kontakt\u00adinfor\u00adma\u00adtionen<\/strong><\/span><\/h2>\n<p align=\"left\">Ver\u00adan\u00adtwort\u00adlicher f\u00fcr die Daten\u00ad\u00adver\u00ad\u00adar\u00adbei\u00adtung im Rahmen dieser Web\u00adsite im Sin\u00adne der Daten\u00ad\u00adschutz-Grund\u00ad\u00adver\u00ad\u00adord\u00adnung (<a style=\"text-decoration: none;\" onmouseover=\"style='text-decoration:underline'\" onmouseout=\"style='text-decoration:none'\" href=\"https:\/\/eur-lex.europa.eu\/legal-content\/DE\/TXT\/?uri=CELEX:02016R0679-20160504#tocId31\" target=\"_blank\" rel=\"noopener noreferrer\"><abbr title=\"externer Link zum Online-Portal fuer EU-Recht https:\/\/eur-lex.europa.eu\/ des Amtes fuer Veroeffentlichungen der Europaeischen Union\">DSGVO<\/abbr><\/a>) ist die:<\/p>\n<div>Anonyme Alkohol\u00ad\u00adkranken\u00ad\u00adhilfe Berlin (AKB) e.V.<\/div>\n<div>Gustav-Meyer-Stra\u00dfe 7<\/div>\n<div>14195 Berlin<\/div>\n<div>Telefon: +49 (0)30 84109444\/5<\/div>\n<div>E-Mail: <a href=\"mailto:info@akb-ev.de\" title=\"E-Mail an info@akb-ev.de\">info[at]akb-ev.de<\/a><\/div>\n<h2><span style=\"font-size: 18px;\"><strong>II Allgemeines zur Daten\u00adver\u00adarbeitung<\/strong><\/span><\/h2>\n<h3><span style=\"font-size: 16px;\">1. Um\u00adfang der Ver\u00adar\u00adbeit\u00adung per\u00adsonen\u00ad\u00adbe\u00adzogener Da\u00adten<\/span><\/h3>\n<p>Die Bereit\u00ad\u00adstellung der Web\u00adsite macht die Ver\u00adar\u00adbeitung ver\u00adschie\u00addener In\u00adfor\u00admationen er\u00adfor\u00adder\u00adlich. Da\u00adr\u00fcber hin\u00adaus richtet sich der Um\u00adfang der Daten\u00ad\u00adver\u00ad\u00adar\u00adbeit\u00adung nach Ihrer Nutz\u00adung der Funktion\u00ad\u00adal\u00adit\u00e4ten der Web\u00adsite, beispiel\u00adsweise wenn Sie \u00fcber das Kontakt\u00ad\u00adformular mit uns kommunizieren oder in die Ver\u00adar\u00adbeitung von Da\u00adten ein\u00adwilligen.<\/p>\n<p>Sie sind nicht ver\u00adpflichtet, uns personen\u00ad\u00adbezogene Daten  bereit\u00ad\u00adzu\u00ad\u00adstellen. Soweit die Bereit\u00ad\u00adstellung dieser Da\u00adten aber tech\u00adnisch zwingend mit dem Auf\u00adruf unserer Seite verbunden ist, f\u00fchrt eine Wei\u00adgerung dazu, dass Sie unsere Web\u00adsite nicht betreten und nutzen k\u00f6nnen.<\/p>\n<p>Als Be\u00adsucher unserer Web\u00adsites unter\u00adliegen Sie keiner auto\u00ad\u00admatisierten Ent\u00adscheidungs\u00ad\u00adfindung im Sinne von Art. 22 DSGVO.<\/p>\n<h3 align=\"left\"><span style=\"font-size: 16px;\">2. Rechts\u00adgrundlage f\u00fcr die Ver\u00adar\u00adbei\u00adtung personen\u00ad\u00adbe\u00adzogener Da\u00adten<\/span><\/h3>\n<p align=\"left\">Die Recht\u00ads\u00adgrund\u00ad\u00adlagen f\u00fcr die Ver\u00adar\u00adbeit\u00adung personen\u00adbe\u00adzogener Da\u00adten wer\u00adden nach\u00adfolgend dar\u00adge\u00adstellt.<\/p>\n<table border=\"0\" cellpadding=\"2\" cellspacing=\"2\">\n<tbody>\n<tr>\n<td style=\"width: 40%;\"><strong>Ver\u00ad\u00ad\u00adar\u00ad\u00adbei\u00adt\u00ad\u00adungs\u00adgrund<\/strong><\/td>\n<td style=\"width: 10%;\"><strong>Rechts\u00ad\u00ad\u00adgrund\u00ad\u00ad\u00adlage in der DSGVO<\/strong><\/td>\n<td style=\"width: 50%;\"><strong>Er\u00ad\u00adl\u00e4u\u00ad\u00ad\u00adter\u00ad\u00ad\u00adung<\/strong><\/td>\n<\/tr>\n<tr>\n<td style=\"width: 40%;\">Ver\u00ad\u00adtrags\u00ad\u00ader\u00ad\u00adf\u00fcl\u00adlung oder Durch\u00ad\u00adf\u00fch\u00adrung vor\u00adver\u00adtrag\u00adlicher Ma\u00df\u00ad\u00adnah\u00admen<\/td>\n<td style=\"width: 10%;\">Art. 6 Abs. 1 b)<\/td>\n<td style=\"width: 50%;\">Eine Ver\u00ad\u00adar\u00adbei\u00adtung erfolgt nur in dem Umfang, der f\u00fcr die Wahr\u00adnehmung und Er\u00adf\u00fcllung der Rechte und Pflichten aus dem Ver\u00adtrag er\u00adfor\u00adder\u00adlich ist. Soweit nicht aus\u00addr\u00fcck\u00adlich anders dar\u00adge\u00adstellt, er\u00adfolgt die Daten\u00adver\u00adar\u00adbei\u00adtung durch uns nur in diesem Um\u00adfang.<\/td>\n<\/tr>\n<tr>\n<td style=\"width: 40%;\">Be\u00adrecht\u00adigtes In\u00adter\u00adesse<\/td>\n<td style=\"width: 10%;\">Art. 6 Abs. 1 f)<\/td>\n<td style=\"width: 50%;\">Eine Ver\u00adar\u00adbei\u00adtung er\u00adfolgt, soweit wir ein be\u00adrech\u00adtig\u00adtes In\u00adteres\u00adse haben und keine ent\u00adge\u00adgen\u00adsteh\u00adenden \u00fcber\u00adwie\u00adgen\u00adden In\u00adter\u00adessen des Be\u00adtrof\u00adfenen er\u00adsicht\u00adlich sind. Das kon\u00adkrete In\u00adter\u00adesse wird in die\u00adser Daten\u00adschutz\u00ader\u00adkl\u00e4r\u00adung im Rahmen der Ver\u00adar\u00adbeit\u00adungs\u00addar\u00adstel\u00adlung erl\u00e4utert.<\/td>\n<\/tr>\n<tr>\n<td style=\"width: 40%;\">Einwilligung<\/td>\n<td style=\"width: 10%;\">Art. 6 Abs. 1 a)<\/td>\n<td style=\"width: 50%;\">Eine Ver\u00adar\u00adbeit\u00adung erfolgt, so\u00adweit Sie hier\u00adzu aus\u00addr\u00fcck\u00adlich der Art und dem Um\u00adfang der Daten\u00adver\u00adar\u00adbeit\u00adung zu\u00adge\u00adstimmt haben. Ihre Ein\u00adwilli\u00adgung k\u00f6n\u00adnen Sie jeder\u00adzeit mit Wir\u00adkung f\u00fcr die Zu\u00adkunft wider\u00adrufen. Die bis zu diesem Zeit\u00adpunkt erfolgte Ver\u00adar\u00adbeit\u00adung wird davon aber nicht be\u00adtrof\u00adfen.<\/td>\n<\/tr>\n<tr>\n<td style=\"width: 40%;\">Recht\u00adliche Pflicht<\/td>\n<td style=\"width: 10%;\">Art. 6 Abs. 1 c)<\/td>\n<td style=\"width: 50%;\">Eine Ver\u00adar\u00adbeit\u00adung er\u00adfolgt, so\u00adweit dies zur Er\u00adf\u00fcl\u00adlung deu\u00adtscher oder euro\u00adp\u00e4\u00adischer gesetz\u00adlicher Pflich\u00adten er\u00adfor\u00adder\u00adlich ist.<\/td>\n<\/tr>\n<\/tbody>\n<\/table>\n<h3><span style=\"font-size: 16px;\">3. Daten\u00adl\u00f6sch\u00adung und Spei\u00adcher\u00addauer<\/span><\/h3>\n<p>Wir l\u00f6\u00adschen Ihre per\u00adsonen\u00adbe\u00adzo\u00adgen\u00aden Da\u00adten, so\u00adbald die Rechts\u00adgrund\u00adlage f\u00fcr deren Ver\u00adar\u00adbeit\u00adung entf\u00e4llt. Teil\u00adweise k\u00f6nnen Rechts\u00adgrund\u00adlagen aber auch pa\u00adrallel be\u00adstehen bzw. kann mit Weg\u00adfall einer Rechts\u00adgrund\u00adlage eine neue ein\u00adgrei\u00adfen wie bspw. die Pflicht be\u00adstim\u00admte Da\u00adten zur Er\u00adf\u00fcl\u00adlung einer ge\u00adsetz\u00adlichen Auf\u00adbe\u00adwahr\u00adungs\u00adpflich\u00adten zu spei\u00adchern.<\/p>\n<h2><span style=\"font-size: 18px;\"><strong>III Daten\u00adver\u00adar\u00adbeitung f\u00fcr Be\u00adreit\u00adstel\u00adlung der Web\u00adsite<\/strong><\/span><\/h2>\n<p>Da\u00admit wir Ihnen die Web\u00adsite an\u00adzeigen k\u00f6nnen, ist es er\u00adfor\u00adder\u00adlich, bestimmte Informationen zu verarbeiten. Dies erfolgt bereits, wenn Sie unsere Website aufrufen. Zudem bieten wir auf unserer Website verschiedene Funktionalit\u00e4ten an, die eine weitergehende Datenverarbeitung erforderlich machen.<\/p>\n<h3><span style=\"font-size: 16px;\">1. Log Files<\/span><\/h3>\n<p>Beim Aufruf unserer Website sendet Ihr Browser verschiedene Informationen, sog. Server-Protokolldateien (Log-Files), an unseren Server. Diese ben\u00f6tigen wir zum Aufbau und Erhalt der Verbindung. Unter den Daten ist auch Ihre IP-Adresse, die wir als personenbezogenes Datum behandeln. Daneben werden die folgenden Daten erhoben:<\/p>\n<ul>\n<li>Browsertyp\/ Browserversion<\/li>\n<li>verwendetes Betriebssystem<\/li>\n<li>Referrer URL<\/li>\n<li>Hostname des zugreifenden Rechners<\/li>\n<li>Uhrzeit der Serveranfrage<\/li>\n<\/ul>\n<p>Eine Zusammenf\u00fchrung dieser Daten mit weiteren Daten \u00fcber Sie erfolgt nicht. Die Speicherung der Log-Files inklusive Ihrer IP-Adresse dient dem berechtigten Interesse der Bereitstellung unserer Website und der Verhinderung derer missbr\u00e4uchlicher Nutzung. Gespeicherte Logfiles werden sp\u00e4testens nach Ablauf von 30 Tagen gel\u00f6scht, es sei denn eine l\u00e4ngere Speicherung ist erforderlich, um beispielsweise einen Angriff auf unserer Website abzuwehren oder aufzukl\u00e4ren.<\/p>\n<h3><span style=\"font-size: 16px;\">2. Technisch bedingte Cookies<\/span><\/h3>\n<p>Cookies sind Textdateien mit Informationen, die durch Ihren Browser \u00fcbermittelt und auf Ihrem Rechner gespeichert wird. Diese Cookies beinhalten keine pers\u00f6nlichen Daten. Sie k\u00f6nnen die Verwendung von Cookies in Ihrem Browser steuern und Cookies selbst jederzeit l\u00f6schen. Sie k\u00f6nnen die Speicherung der Cookies durch Einstellung Ihres Browses verhindern; wir weisen darauf hin, dass in diesem Fall m\u00f6glicherweise nicht s\u00e4mtliche Funktionen dieser Website vollumf\u00e4nglichgenutzt werden k\u00f6nnen. Derzeit setzt https:\/\/www.akb-ev.de\/ keine Cookies.<\/p>\n<p>Der Einsatz technisch bedingter Cookies erfolgt gegebenenfalls aufgrund unseres berechtigten Interesses an einer technisch einwandfreien und komfortablen Nutzung unserer Website.<\/p>\n<h3><span style=\"font-size: 16px;\">3. Beitrittserkl\u00e4rung und Mitgliedschaft<\/span><\/h3>\n<p>\u00dcber unser Formular zum Antrag auf Vereinsbeitritt werden folgende Informationen abgefragt: Anrede, Name, Vorname, Stra\u00dfe, Hausnummer, PLZ und Ort. E-Mail-Adresse, Telefonnummer(n), Geburtsdatum und alle weiteren Angaben erfolgen freiwillig.<\/p>\n<p>Wir verwenden diese Daten ausschlie\u00dflich zur Erf\u00fcllung unserer in der Satzung festgelegten Aufgaben und Pflichten (wie in \u00a7 13 &#8222;Einberufung der Mitgliederversammlung&#8220;) und zur Abwicklung der damit verbundenen Kommunikation. Rechtsgrundlage dieser Verarbeitung ist die Erforderlichkeit f\u00fcr die Durchf\u00fchrung eines Vertrages im Sinne von Art. 6 Abs. 1 lit. b DSGV, im Falle des Abschlusses eines Mitgliedschaftsvertrages verarbeiten wir die Daten zum Zwecke der Vertragserf\u00fcllung in diesem Sinne weiter.<\/p>\n<p>Mit der Beendigung der Mitgliedschaft werden alle genannten Daten gel\u00f6scht.<\/p>\n<p>Der Nutzer hat jederzeit die M\u00f6glichkeit, der Verarbeitung der Daten zu widersprechen. Es ist allerdings zu beachten, dass bei einem Widerspruch die Mitgliedschaft, nach den Ma\u00dfgaben der Satzung, beendet wird.<\/p>\n<h3><span style=\"font-size: 16px;\">4. Anmeldungen zu Veranstaltungen oder Fortbildungen<\/span><\/h3>\n<p>Bei Anmeldungen zu Veranstaltungen oder Fortbildungen k\u00f6nnen folgende Informationen abgefragt werden: Anrede, Name, Vorname, Stra\u00dfe, Hausnummer, PLZ, Ort, Telefonnummer und E-Mail-Adresse. Alle weiteren Daten, die Sie uns im Rahmen der Anfrage \u00fcbermitteln, erfolgen freiwillig.<\/p>\n<h3><span style=\"font-size: 16px;\">5. Spenden<\/span><\/h3>\n<p>Bei der Zuwendung von unbaren Spenden und der Austellung von Spendenbescheinigungen werden folgende Daten erhoben:<\/p>\n<p>Vollst\u00e4ndiger Name (Nachname, Vorname) mit Anrede (optional Titel und Firmenbezeichnung); Anschrift (Stra\u00dfe, Hausnummer, Ort, Postleitzahl, Land); bei unbaren Spenden: Bankdaten (IBAN).<\/p>\n<p>Wird eine Spendenbescheinigung gew\u00fcnscht, verarbeiten wir diese Daten, um eine entsprechende Spendenbescheinigung auszustellen und zuzusenden. Die erhobenen Daten sind zur Aus- und Durchf\u00fchrung des Spendenauftrags erforderlich, f\u00fcr weitere Zwecke werden diese Daten nicht verwendet. Rechtsgrundlage f\u00fcr die Verarbeitung der Daten ist Art. 6 Abs. 1 DSGVO. Die Daten werden gel\u00f6scht, sobald sie f\u00fcr die Erreichung des Zweckes ihrer Erhebung nicht mehr erforderlich sind. Bei den Bankdaten ist dies unmittelbar nach Erhalt des Spendenbetrags der Fall. Die Adressdaten werden nach ggf. gew\u00fcnschter Erstellung und Zusendung einer Spendenbescheinigung wie alle weiteren eingegebenen Daten im Rahmen steuerrechtlicher Aufbewahrungspflichten gespeichert, dabei jedoch f\u00fcr jegliche andere Verwendung gesperrt. Eine Zusammenf\u00fchrung von Daten, etwa von Name und Anschrift mit Bankdaten, findet nicht statt. Eine Weitergabe der Daten an sonstige Dritte findet nicht statt.<\/p>\n<p>Der Nutzer hat jederzeit die M\u00f6glichkeit, der Verarbeitung der Daten zu widersprechen. Es ist allerdings zu beachten, dass bei einem Widerspruch der Spendenauftrag insbesondere die Zusendung einer Spendenbescheinigung nicht mehr wie gew\u00fcnscht ausgef\u00fchrt werden kann.<\/p>\n<p><span style=\"font-size: 18px;\"><strong>IV Kontaktaufnahme per Telefon<\/strong><\/span><\/p>\n<p>Sie haben die M\u00f6glichkeit mit Ansprechpartnern des AKB, \u00fcber die auf der Webseite ver\u00f6ffentlichten Telefonnummern direkt Kontakt aufzunehmen. Alle unsere Mitarbeiter und ehrenamtlichen Kr\u00e4fte sind zur Einhaltung des Datenschutzes verpflichtet.<\/p>\n<p>Alle Angaben, die Sie uns am Telefon erfolgen freiwillig. Wir verwenden diese Daten ausschlie\u00dflich f\u00fcr die Beantwortung Ihrer Anfrage und die damit verbundene Kommunikation. Die Rechtsgrundlage dieser Verarbeitung Ihrer Daten h\u00e4ngt vom Inhalt Ihrer Anfrage ab. Grunds\u00e4tzlich gilt hier unser berechtigtes Interesse an der Bereitstellung der Kontaktfunktionalit\u00e4t und der Beantwortung Ihrer dar\u00fcber \u00fcbermittelten Anfrage. Wenn Ihre Anfrage auf den Abschluss eines Vertrages mit uns gerichtet ist, erfolgt die Weiterverarbeitung im Rahmen dieses vorvertraglichen Schuldverh\u00e4ltnisses.<\/p>\n<p>Ihre Daten werden gel\u00f6scht, sobald Ihre Anfrage abschlie\u00dfend bearbeitet wurde. Im Falle eines Vertragsabschlusses verarbeiten wir die Daten ggf. zur Vertragserf\u00fcllung weiter.<\/p>\n<h2><span style=\"font-size: 18px;\"><strong>V Widerspruchs- und Beseitigungsm\u00f6glichkeit<\/strong><\/span><\/h2>\n<p>Soweit die Datenverarbeitung auf Ihrer Einwilligung oder unserem  berechtigten Interesse basiert, haben Sie jederzeit das Recht, der Verarbeitung zu widersprechen oder Ihre erteilte Einwilligung zu widerrufen. Ihr Widerspruch bzw. Widerruf hat lediglich Wirkung f\u00fcr die Zukunft. Sofern die eingesetzten Analyse-Cookies eigene technische M\u00f6glichkeiten zum Deaktivieren bieten, ist dies dort jeweils dargestellt. Sie k\u00f6nnen sich jederzeit zur Aus\u00fcbung Ihres Widerspruchs- oder Widerrufsrechts an <a href=\"mailto:info@akb-ev.de\" title=\"E-Mail an info@akb-ev.de\">info[at]akb-ev.de<\/a>  wenden. Wenn Sie einer Verarbeitung aufgrund unseres berechtigten Interesses widersprechen, d\u00fcrfen wir die Verarbeitung dennoch fortf\u00fchren, wenn wir zwingende schutzw\u00fcrdige Gr\u00fcnde f\u00fcr die Verarbeitung nachweisen k\u00f6nnen, die Ihr Interessen, ihre Rechte und Freiheiten \u00fcberwiegen.<\/p>\n<h2><span style=\"font-size: 18px;\"><strong>VI Betroffenenrechte<\/strong><\/span><\/h2>\n<p>Werden auf Ihre Person bezogenen Daten verarbeitet, sind Sie Betroffener im Sinne von Art. 4 Abs. 1 DSGVO. Als Betroffenem stehen Ihnen in Bezug auf Ihre personenbezogenen Daten die nachfolgenden Rechte zu. Zur Aus\u00fcbung dieser Rechte k\u00f6nnen Sie sich unter den oben angegebenen Kontaktdaten an uns wenden.<\/p>\n<p><strong>Recht auf Auskunft nach Art. 15 DSGVO<\/strong><\/p>\n<p>Sie haben ein Recht auf Auskunft \u00fcber ihre von uns verarbeiteten personenbezogenen Daten. Die umfasst die in Art. 15 DSGVO dargestellten Pflichtinformationen.<\/p>\n<p><strong>Recht auf Berichtigung nach Art. 16 DSGVO<\/strong><\/p>\n<p>Sie haben das Recht, die unverz\u00fcgliche Berichtigung falscher sowie die Vervollst\u00e4ndigung unrichtiger personenbezogener Daten zu verlangen.<\/p>\n<p><strong>Recht auf L\u00f6schung nach Art. 17 DSGVO<\/strong><\/p>\n<p>Sie haben das Recht, die L\u00f6schung Ihrer personenbezogenen Daten zu verlangen, wenn einer der in Art. 17 DSGVO genannten Gr\u00fcnde eingreift, insbesondere, wenn keine Rechtsgrundlage mehr f\u00fcr die Verarbeitung vorliegt.<\/p>\n<p><strong>Recht auf Einschr\u00e4nkung der Verarbeitung nach Art. 18 DSGVO<\/strong><\/p>\n<p>Sie haben das Recht die Einschr\u00e4nkung der Verarbeitung Ihrer personenbezogenen Daten zu verlangen, wenn einer der in Art. 18 DSGVO genannten Gr\u00fcnde eingreift, insbesondere auf Ihren Wunsch hin statt einer L\u00f6schung der Daten.<\/p>\n<p><strong>Recht auf Daten\u00fcbertragbarkeit nach Art. 20 DSGVO<\/strong><\/p>\n<p>Sie haben das Recht, alle bei uns \u00fcber Sie gespeicherten personenbezogenen Daten in einem strukturierten, g\u00e4ngigen und maschinenlesbaren Format herauszuverlangen und diese Daten einem anderen Verantwortlichen, dem die personenbezogenen Daten bereitgestellt wurden, zu \u00fcbermitteln.<\/p>\n<p><strong>Recht auf Beschwerde bei der zust\u00e4ndigen Aufsichtsbeh\u00f6rde, Art. 77 DSGVO<\/strong><br \/>\nSie haben gem\u00e4\u00df Art. 77 DSGVO das Recht eine Beschwerde bei der f\u00fcr Sie zust\u00e4ndigen Aufsichtsbeh\u00f6rde einzureichen.<\/p>\n<h2><span style=\"font-size: 18px;\"><strong>VII Empf\u00e4nger von Daten<\/strong><\/span><\/h2>\n<p>Die Verarbeitung Ihrer personenbezogenen Daten im Rahmen der Webseite, erfolgt zum Teil auch durch Auftragsverarbeiter, insbesondere das Hosting der Webseite. Diese werden ausschlie\u00dflich auf der Grundlage einer Verarbeitung zur Auftragsvereinbarung nach Ma\u00dfgabe von Art. 28 Abs. 3 DSGVO einbezogen.<\/p>\n<h2><span style=\"font-size: 18px;\"><strong>VIII Daten\u00fcbermittlung in Drittl\u00e4nder<\/strong><\/span><\/h2>\n<p>Die personenbezogenen Daten, die wir von Ihnen im Rahmen der Webseite erheben, werden nicht in Drittl\u00e4nder au\u00dferhalb des europ\u00e4ischen Wirtschaftsraumes \u00fcbermittelt.<\/p>\n<p>Stand: Dezember 2020<\/p>\n<p><strong>Zuletzt ge\u00e4ndert: &nbsp; <\/strong> 02. Dez. 2020<\/p>\n<p><strong>Quell-URL:<\/strong> https:\/\/akb-ev.de\/datenschutz\/<\/p>\n","protected":false},"excerpt":{"rendered":"<p>Grund\u00adlage eines effektiven Daten\u00ads\u00adchutzes ist die um\u00adfas\u00adsende In\u00adfor\u00admation \u00fcber die Er\u00adhe\u00adbung, Ver\u00adar\u00adbei\u00adtung und Nut\u00adzung Ihrer Da\u00adten, daher m\u00f6chten wir Sie in\u00adfor\u00admieren, wann und bei wel\u00adchen Ak\u00adtionen wir diese Da\u00adten ver\u00adar\u00adbeiten welche Da\u00adten wir aus wel\u00adchen Gr\u00fcn\u00adden ver\u00adar\u00adbei\u00adten wer Da\u00adten er\u00adh\u00e4lt welche Rech\u00adte Sie we\u00adgen der Daten\u00adver\u00adar\u00adbei\u00adtung durch uns haben. Diese Daten\u00ad\u00adschutz\u00ad\u00ader\u00adkl\u00e4r\u00adung regelt die Nut\u00adzung per\u00adsonen\u00ad\u00adbe\u00adzo\u00adgener <a href=\"https:\/\/akb-ev.de\/blog\/datenschutz\/\" rel=\"nofollow\"><span class=\"sr-only\">Read more about Datenschutz&shy;erkl&auml;rung der Anonymen Alkohol&shy;kranken&shy;hilfe Berlin (AKB) e.V.<\/span>[&hellip;]<\/a><\/p>\n","protected":false},"author":1,"featured_media":0,"parent":0,"menu_order":3,"comment_status":"closed","ping_status":"closed","template":"","meta":{"footnotes":""},"class_list":["post-682","page","type-page","status-publish","hentry"],"_links":{"self":[{"href":"https:\/\/akb-ev.de\/blog\/wp-json\/wp\/v2\/pages\/682","targetHints":{"allow":["GET"]}}],"collection":[{"href":"https:\/\/akb-ev.de\/blog\/wp-json\/wp\/v2\/pages"}],"about":[{"href":"https:\/\/akb-ev.de\/blog\/wp-json\/wp\/v2\/types\/page"}],"author":[{"embeddable":true,"href":"https:\/\/akb-ev.de\/blog\/wp-json\/wp\/v2\/users\/1"}],"replies":[{"embeddable":true,"href":"https:\/\/akb-ev.de\/blog\/wp-json\/wp\/v2\/comments?post=682"}],"version-history":[{"count":25,"href":"https:\/\/akb-ev.de\/blog\/wp-json\/wp\/v2\/pages\/682\/revisions"}],"predecessor-version":[{"id":1785,"href":"https:\/\/akb-ev.de\/blog\/wp-json\/wp\/v2\/pages\/682\/revisions\/1785"}],"wp:attachment":[{"href":"https:\/\/akb-ev.de\/blog\/wp-json\/wp\/v2\/media?parent=682"}],"curies":[{"name":"wp","href":"https:\/\/api.w.org\/{rel}","templated":true}]}}